{"id":105,"date":"2023-03-16T12:57:09","date_gmt":"2023-03-16T11:57:09","guid":{"rendered":"https:\/\/wasayachts.com\/?page_id=105"},"modified":"2024-09-25T10:46:34","modified_gmt":"2024-09-25T08:46:34","slug":"ordningsregler","status":"publish","type":"page","link":"https:\/\/wasayachts.com\/en\/tjanster\/ordningsregler\/","title":{"rendered":"Rules on the yard"},"content":{"rendered":"<div data-elementor-type=\"wp-page\" data-elementor-id=\"105\" class=\"elementor elementor-105\" data-elementor-post-type=\"page\">\n\t\t\t\t<div class=\"elementor-element elementor-element-c5c3872 e-flex e-con-boxed e-con e-parent\" data-id=\"c5c3872\" data-element_type=\"container\" data-e-type=\"container\" data-settings=\"{&quot;jet_parallax_layout_list&quot;:[]}\">\n\t\t\t\t\t<div class=\"e-con-inner\">\n\t\t\t\t<div class=\"elementor-element elementor-element-a4d6c6d elementor-widget elementor-widget-jet-breadcrumbs\" data-id=\"a4d6c6d\" data-element_type=\"widget\" data-e-type=\"widget\" data-widget_type=\"jet-breadcrumbs.default\">\n\t\t\t\t<div class=\"elementor-widget-container\">\n\t\t\t\t\t<div class=\"elementor-jet-breadcrumbs jet-blocks\">\n\t\t<div class=\"jet-breadcrumbs\">\n\t\t<div class=\"jet-breadcrumbs__content\">\n\t\t<div class=\"jet-breadcrumbs__wrap\"><div class=\"jet-breadcrumbs__item\"><a href=\"https:\/\/wasayachts.com\/en\/\" class=\"jet-breadcrumbs__item-link is-home\" rel=\"home\" title=\"Home\">Home<\/a><\/div>\n\t\t<\/div>\n\t\t<\/div>\n\t\t<\/div><\/div>\t\t\t\t<\/div>\n\t\t\t\t<\/div>\n\t\t\t\t\t<\/div>\n\t\t\t\t<\/div>\n\t\t<div class=\"elementor-element elementor-element-0fb8ceb e-flex e-con-boxed e-con e-parent\" data-id=\"0fb8ceb\" data-element_type=\"container\" data-e-type=\"container\" data-settings=\"{&quot;jet_parallax_layout_list&quot;:[]}\">\n\t\t\t\t\t<div class=\"e-con-inner\">\n\t\t<div class=\"elementor-element elementor-element-fb2f007 e-con-full e-flex e-con e-child\" data-id=\"fb2f007\" data-element_type=\"container\" data-e-type=\"container\" data-settings=\"{&quot;jet_parallax_layout_list&quot;:[]}\">\n\t\t\t\t<div class=\"elementor-element elementor-element-dc91786 elementor-widget elementor-widget-heading\" data-id=\"dc91786\" data-element_type=\"widget\" data-e-type=\"widget\" data-widget_type=\"heading.default\">\n\t\t\t\t<div class=\"elementor-widget-container\">\n\t\t\t\t\t<h1 class=\"elementor-heading-title elementor-size-default\">Rules on the yard<\/h1>\t\t\t\t<\/div>\n\t\t\t\t<\/div>\n\t\t\t\t<div class=\"elementor-element elementor-element-bc7dfbe elementor-widget elementor-widget-heading\" data-id=\"bc7dfbe\" data-element_type=\"widget\" data-e-type=\"widget\" data-widget_type=\"heading.default\">\n\t\t\t\t<div class=\"elementor-widget-container\">\n\t\t\t\t\t<h2 class=\"elementor-heading-title elementor-size-default\">Instruktion f\u00f6r l\u00e4mning och h\u00e4mtning av b\u00e5t vid vinterf\u00f6rvaring\n<\/h2>\t\t\t\t<\/div>\n\t\t\t\t<\/div>\n\t\t\t\t<div class=\"elementor-element elementor-element-efd5cdc elementor-widget elementor-widget-text-editor\" data-id=\"efd5cdc\" data-element_type=\"widget\" data-e-type=\"widget\" data-widget_type=\"text-editor.default\">\n\t\t\t\t<div class=\"elementor-widget-container\">\n\t\t\t\t\t\t\t\t\t<p><span style=\"font-weight: 400;\">H\u00e4mtning och l\u00e4mning bokas ett par veckor i f\u00f6rv\u00e4g, b\u00e5ten h\u00e4mtas samma vecka som sj\u00f6s\u00e4ttning \u00e4r bokad.\u00a0<\/span><\/p>\t\t\t\t\t\t\t\t<\/div>\n\t\t\t\t<\/div>\n\t\t<div class=\"elementor-element elementor-element-fc3b131 e-flex e-con-boxed e-con e-child\" data-id=\"fc3b131\" data-element_type=\"container\" data-e-type=\"container\" data-settings=\"{&quot;jet_parallax_layout_list&quot;:[]}\">\n\t\t\t\t\t<div class=\"e-con-inner\">\n\t\t\t\t<div class=\"elementor-element elementor-element-0a00d20 elementor-widget elementor-widget-button\" data-id=\"0a00d20\" data-element_type=\"widget\" data-e-type=\"widget\" data-widget_type=\"button.default\">\n\t\t\t\t<div class=\"elementor-widget-container\">\n\t\t\t\t\t\t\t\t\t<div class=\"elementor-button-wrapper\">\n\t\t\t\t\t<a class=\"elementor-button elementor-button-link elementor-size-sm\" href=\"https:\/\/wasayachts.com\/en\/tjanster\/boka-upptagning\/\">\n\t\t\t\t\t\t<span class=\"elementor-button-content-wrapper\">\n\t\t\t\t\t\t\t\t\t<span class=\"elementor-button-text\">Book intake<\/span>\n\t\t\t\t\t<\/span>\n\t\t\t\t\t<\/a>\n\t\t\t\t<\/div>\n\t\t\t\t\t\t\t\t<\/div>\n\t\t\t\t<\/div>\n\t\t\t\t<div class=\"elementor-element elementor-element-86f92ed elementor-widget elementor-widget-button\" data-id=\"86f92ed\" data-element_type=\"widget\" data-e-type=\"widget\" data-widget_type=\"button.default\">\n\t\t\t\t<div class=\"elementor-widget-container\">\n\t\t\t\t\t\t\t\t\t<div class=\"elementor-button-wrapper\">\n\t\t\t\t\t<a class=\"elementor-button elementor-button-link elementor-size-sm\" href=\"https:\/\/wasayachts.com\/en\/tjanster\/boka-sjosattning\/\">\n\t\t\t\t\t\t<span class=\"elementor-button-content-wrapper\">\n\t\t\t\t\t\t\t\t\t<span class=\"elementor-button-text\">Book launch<\/span>\n\t\t\t\t\t<\/span>\n\t\t\t\t\t<\/a>\n\t\t\t\t<\/div>\n\t\t\t\t\t\t\t\t<\/div>\n\t\t\t\t<\/div>\n\t\t\t\t\t<\/div>\n\t\t\t\t<\/div>\n\t\t\t\t<div class=\"elementor-element elementor-element-66d9726 elementor-widget elementor-widget-text-editor\" data-id=\"66d9726\" data-element_type=\"widget\" data-e-type=\"widget\" data-widget_type=\"text-editor.default\">\n\t\t\t\t<div class=\"elementor-widget-container\">\n\t\t\t\t\t\t\t\t\t<p><span style=\"font-weight: 400;\">Vid l\u00e4mning skall b\u00e5ten l\u00e4ggas p\u00e5 insidan av bryggorna. F\u00f6rt\u00f6jning p\u00e5 utsidan mot farleden \u00e4r f\u00f6rbjuden. \u00c4r tr\u00e5ngt i hamnen s\u00e5 f\u00f6rt\u00f6j mot annan b\u00e5t. F\u00f6r l\u00e4mning av nyckel kontakta kontoret. Om ni ej best\u00e4llt servicetj\u00e4nster skall b\u00e5ten vara redo att tas upp i efterf\u00f6ljande vecka efter ni l\u00e4mnat den. Septiktanken skall vara tom\/t\u00f6md innan b\u00e5ten l\u00e4mnas till varvet f\u00f6r f\u00f6rvaring.<\/span><\/p>\t\t\t\t\t\t\t\t<\/div>\n\t\t\t\t<\/div>\n\t\t\t\t<div class=\"elementor-element elementor-element-a42232f elementor-widget elementor-widget-heading\" data-id=\"a42232f\" data-element_type=\"widget\" data-e-type=\"widget\" data-widget_type=\"heading.default\">\n\t\t\t\t<div class=\"elementor-widget-container\">\n\t\t\t\t\t<h2 class=\"elementor-heading-title elementor-size-default\">B\u00e5tbotten och Bottenf\u00e4rg<\/h2>\t\t\t\t<\/div>\n\t\t\t\t<\/div>\n\t\t\t\t<div class=\"elementor-element elementor-element-c00e24f elementor-widget elementor-widget-heading\" data-id=\"c00e24f\" data-element_type=\"widget\" data-e-type=\"widget\" data-widget_type=\"heading.default\">\n\t\t\t\t<div class=\"elementor-widget-container\">\n\t\t\t\t\t<h5 class=\"elementor-heading-title elementor-size-default\">Slipning och skrapning<\/h5>\t\t\t\t<\/div>\n\t\t\t\t<\/div>\n\t\t\t\t<div class=\"elementor-element elementor-element-14e87cc elementor-widget elementor-widget-text-editor\" data-id=\"14e87cc\" data-element_type=\"widget\" data-e-type=\"widget\" data-widget_type=\"text-editor.default\">\n\t\t\t\t<div class=\"elementor-widget-container\">\n\t\t\t\t\t\t\t\t\t<p><span style=\"font-weight: 400;\">Slipning och skrapning av b\u00e5tbottnar ska g\u00f6ras p\u00e5 ett milj\u00f6anpassat s\u00e4tt s\u00e5 att slip- och skraprester inte hamnar p\u00e5 marken. Vid skrapning eller slipning skall man anv\u00e4nda en skrapa eller slipmaskin som kopplas till en dammsugare. Vid slipning &amp; skrapning ska arbetsplatsen sk\u00e4rmas in med en t\u00e4t inneslutningsplast, inneslutningen ska b\u00f6rja vid vattenlinjen och vara t\u00e4t runt hela b\u00e5ten. Dammet &amp; skraprester f\u00e5r inte hamna i omgivande milj\u00f6, marken m\u00e5ste skyddas genom att en presenning l\u00e4ggs under b\u00e5ten.\u00a0 T\u00e4ckningen skall besiktigas av varvets personal innan arbetet p\u00e5b\u00f6rjas.<\/span><\/p><p><span style=\"font-weight: 400;\">Har b\u00e5ten konstaterad TBT i f\u00e4rgen f\u00e5r sanering ej utf\u00f6ras utan att b\u00e5ten flyttats till h\u00e5rdgjord yta, alt att annan metod godk\u00e4nts av varvschef. (Se anm\u00e4rkning ang. TBT nedan)<\/span><\/p><p><span style=\"font-weight: 400;\">D\u00e5 slip- och skraprester betraktas som milj\u00f6farligt avfall ska avfallet samlas ihop och tas med till \u00e5tervinningsstation. Vi erbjuder sanering av skrovet. Kontakta oss f\u00f6r mer information.<\/span><\/p>\t\t\t\t\t\t\t\t<\/div>\n\t\t\t\t<\/div>\n\t\t\t\t<div class=\"elementor-element elementor-element-112a345 elementor-widget elementor-widget-heading\" data-id=\"112a345\" data-element_type=\"widget\" data-e-type=\"widget\" data-widget_type=\"heading.default\">\n\t\t\t\t<div class=\"elementor-widget-container\">\n\t\t\t\t\t<h5 class=\"elementor-heading-title elementor-size-default\">Bl\u00e4string<\/h5>\t\t\t\t<\/div>\n\t\t\t\t<\/div>\n\t\t\t\t<div class=\"elementor-element elementor-element-c7a4064 elementor-widget elementor-widget-text-editor\" data-id=\"c7a4064\" data-element_type=\"widget\" data-e-type=\"widget\" data-widget_type=\"text-editor.default\">\n\t\t\t\t<div class=\"elementor-widget-container\">\n\t\t\t\t\t\t\t\t\t<p><span style=\"font-weight: 400;\">Bl\u00e4string \u00e4r f\u00f6rbjudet p\u00e5 varvsomr\u00e5det \u2013 tag kontakt med oss om ni beh\u00f6ver hj\u00e4lp med att ta bort f\u00e4rgen fr\u00e5n botten.<\/span><\/p>\t\t\t\t\t\t\t\t<\/div>\n\t\t\t\t<\/div>\n\t\t\t\t<div class=\"elementor-element elementor-element-5502113 elementor-widget elementor-widget-heading\" data-id=\"5502113\" data-element_type=\"widget\" data-e-type=\"widget\" data-widget_type=\"heading.default\">\n\t\t\t\t<div class=\"elementor-widget-container\">\n\t\t\t\t\t<h5 class=\"elementor-heading-title elementor-size-default\">M\u00e5lning\n<\/h5>\t\t\t\t<\/div>\n\t\t\t\t<\/div>\n\t\t\t\t<div class=\"elementor-element elementor-element-1f679bc elementor-widget elementor-widget-text-editor\" data-id=\"1f679bc\" data-element_type=\"widget\" data-e-type=\"widget\" data-widget_type=\"text-editor.default\">\n\t\t\t\t<div class=\"elementor-widget-container\">\n\t\t\t\t\t\t\t\t\t<p><span style=\"font-weight: 400;\">M\u00e5lning av botten f\u00e5r endast utf\u00f6ras med godk\u00e4nda f\u00e4rger, lista p\u00e5 vilka f\u00e4rger som \u00e4r godk\u00e4nda finns\u00a0<\/span><a href=\"https:\/\/www.kemi.se\/hitta-direkt\/bekampningsmedel\/biocidprodukter\/vanliga-typer-av-biocidprodukter\/batbottenfarger--om-du-maste-mala\" target=\"_blank\" rel=\"noopener\"><span style=\"font-weight: 400;\">h\u00e4r<\/span><\/a><span style=\"font-weight: 400;\">. Vi rekommenderar att m\u00e5la med epoxi alt. h\u00e5rd f\u00e4rg H\u00f6r g\u00e4rna av er till oss f\u00f6r rekommendationer av\u00a0 milj\u00f6v\u00e4nliga alternativ. Vid m\u00e5lning skall b\u00e5ten st\u00e4llas p\u00e5 presenning f\u00f6r att undvika att f\u00e4rgspill dr\u00e4ller ner p\u00e5 marken, f\u00e4rgburkar och ev. \u00f6verbliven f\u00e4rg l\u00e4mnas i milj\u00f6stationen.<\/span><\/p><p><b>Wasa Yachts tv\u00e4ttar EJ b\u00e5tar med polerade bottenf\u00e4rg d\u00e5 det f\u00f6rst\u00f6r v\u00e5r utrustning och n\u00e4rmilj\u00f6.<\/b><\/p><p><span style=\"font-weight: 400;\">F\u00e4rger med TBT \u00e4r totalf\u00f6rbjudna sedan l\u00e4nge.\u00a0 \u00c4gare till b\u00e5tar som misst\u00e4nks ha TBT i sin botten skall kontakta varvet f\u00f6r att planera sanering av f\u00e4rgen p\u00e5 skrovet.<\/span><\/p><p><span style=\"font-weight: 400;\">Har du sommarplats i M\u00e4laren \u00e4r det totalf\u00f6rbjudet med biocidf\u00e4rg. Senast 2020 skall samtliga b\u00e5tar med huvudhamn i M\u00e4laren ha sanerats.<\/span><\/p><p><span style=\"font-weight: 400;\">B\u00e5tar med huvudhamn i \u00d6stersj\u00f6n skall till 2022 ha sanerats fr\u00e5n ev. TBT och endast vara m\u00e5lad med godk\u00e4nd f\u00e4rg.<\/span><\/p>\t\t\t\t\t\t\t\t<\/div>\n\t\t\t\t<\/div>\n\t\t\t\t<div class=\"elementor-element elementor-element-45818b0 elementor-widget elementor-widget-heading\" data-id=\"45818b0\" data-element_type=\"widget\" data-e-type=\"widget\" data-widget_type=\"heading.default\">\n\t\t\t\t<div class=\"elementor-widget-container\">\n\t\t\t\t\t<h5 class=\"elementor-heading-title elementor-size-default\">Bottentv\u00e4tt<\/h5>\t\t\t\t<\/div>\n\t\t\t\t<\/div>\n\t\t\t\t<div class=\"elementor-element elementor-element-31b3666 elementor-widget elementor-widget-text-editor\" data-id=\"31b3666\" data-element_type=\"widget\" data-e-type=\"widget\" data-widget_type=\"text-editor.default\">\n\t\t\t\t<div class=\"elementor-widget-container\">\n\t\t\t\t\t\t\t\t\t<p><span style=\"font-weight: 400;\">F\u00e5r endast utf\u00f6ras p\u00e5 spolplattorna.<\/span><\/p><p><span style=\"font-weight: 400;\">Mer information om bottenf\u00e4rger och hantering av bottentv\u00e4tt finns p\u00e5 varvskontoret och i broschyren <\/span><a href=\"https:\/\/wasayachts.eu\/for-batagare\/broschyr_ansvarsfull_batvard_2018\/\" target=\"_blank\" rel=\"noopener\"><span style=\"font-weight: 400;\">Ladda ner Broschyr_ansvarsfull_b\u00e5tv\u00e5rd_2018 f\u00f6r mer information<\/span><\/a><\/p>\t\t\t\t\t\t\t\t<\/div>\n\t\t\t\t<\/div>\n\t\t\t\t<div class=\"elementor-element elementor-element-ac19c84 elementor-widget elementor-widget-heading\" data-id=\"ac19c84\" data-element_type=\"widget\" data-e-type=\"widget\" data-widget_type=\"heading.default\">\n\t\t\t\t<div class=\"elementor-widget-container\">\n\t\t\t\t\t<h2 class=\"elementor-heading-title elementor-size-default\">El<\/h2>\t\t\t\t<\/div>\n\t\t\t\t<\/div>\n\t\t\t\t<div class=\"elementor-element elementor-element-38eef49 elementor-widget elementor-widget-text-editor\" data-id=\"38eef49\" data-element_type=\"widget\" data-e-type=\"widget\" data-widget_type=\"text-editor.default\">\n\t\t\t\t<div class=\"elementor-widget-container\">\n\t\t\t\t\t\t\t\t\t<p><span style=\"font-weight: 400;\">Str\u00f6m f\u00f6r v\u00e5rrustning ing\u00e5r i vinterf\u00f6rvaringen, landstr\u00f6m f\u00e5r kopplas f\u00f6r laddning av batterier samt anv\u00e4ndning utav handverktyg under tiden b\u00e5t\u00e4garen befinner sig i b\u00e5ten. N\u00e4r b\u00e5ten l\u00e4mnas skall kontakten dras ur elcentralen. V\u00e4rmefl\u00e4ktar av typ \u201dkup\u00e9v\u00e4rmare\u201d och motsvarande f\u00e5r ej anv\u00e4ndas p.g.a brandrisk.<\/span><\/p><p><span style=\"font-weight: 400;\">ELBILS Laddning f\u00e5r ej utf\u00f6ras p\u00e5 omr\u00e5det.<\/span><\/p><p><span style=\"font-weight: 400;\">Vill ni koppla permanent str\u00f6m under vinterhalv\u00e5ret f\u00f6r t.e.x element eller avfuktare skall elm\u00e4tare hyras av oss.\u00a0 Elkablar som sitter i centralen utan elm\u00e4tare kommer att dras ur elcentralen utan att b\u00e5t\u00e4garen kontaktas. F\u00f6rbrukad el debiteras efter vinter efter avl\u00e4sning av m\u00e4tare.<\/span><\/p>\t\t\t\t\t\t\t\t<\/div>\n\t\t\t\t<\/div>\n\t\t\t\t<div class=\"elementor-element elementor-element-2b6cea7 elementor-widget elementor-widget-heading\" data-id=\"2b6cea7\" data-element_type=\"widget\" data-e-type=\"widget\" data-widget_type=\"heading.default\">\n\t\t\t\t<div class=\"elementor-widget-container\">\n\t\t\t\t\t<h2 class=\"elementor-heading-title elementor-size-default\">F\u00e4rskvatten och Spolvatten<\/h2>\t\t\t\t<\/div>\n\t\t\t\t<\/div>\n\t\t\t\t<div class=\"elementor-element elementor-element-ff3d538 elementor-widget elementor-widget-text-editor\" data-id=\"ff3d538\" data-element_type=\"widget\" data-e-type=\"widget\" data-widget_type=\"text-editor.default\">\n\t\t\t\t<div class=\"elementor-widget-container\">\n\t\t\t\t\t\t\t\t\t<p><span style=\"font-weight: 400;\">Utkast f\u00f6r f\u00e4rskvatten finns vid den r\u00f6da verkstadshallen, nere vid bryggorna, samt vid spolplattan.<\/span><\/p><p><span style=\"text-align: var(--text-align); background-color: var( --e-global-color-secondary ); color: var( --e-global-color-text ); font-size: 1rem;\">Gardenakoppling finns. F\u00f6rl\u00e4ngningsslang \u00e4r ofta n\u00f6dv\u00e4ndig f\u00f6r att n\u00e5 b\u00e5ten.<\/span><\/p><p><span style=\"font-weight: 400;\">Spolvatten finns ocks\u00e5 p\u00e5 flertalet st\u00e4llen p\u00e5 varvsplan<\/span><\/p><p><span style=\"font-weight: 400;\">Vintertid vid risk f\u00f6r s\u00f6nderfrysning st\u00e4ngs vattnet av.<\/span><\/p>\t\t\t\t\t\t\t\t<\/div>\n\t\t\t\t<\/div>\n\t\t\t\t<div class=\"elementor-element elementor-element-399c777 elementor-widget elementor-widget-heading\" data-id=\"399c777\" data-element_type=\"widget\" data-e-type=\"widget\" data-widget_type=\"heading.default\">\n\t\t\t\t<div class=\"elementor-widget-container\">\n\t\t\t\t\t<h2 class=\"elementor-heading-title elementor-size-default\">S\u00e4kerhet p\u00e5 varvsomr\u00e5det<\/h2>\t\t\t\t<\/div>\n\t\t\t\t<\/div>\n\t\t\t\t<div class=\"elementor-element elementor-element-4e81848 elementor-widget elementor-widget-text-editor\" data-id=\"4e81848\" data-element_type=\"widget\" data-e-type=\"widget\" data-widget_type=\"text-editor.default\">\n\t\t\t\t<div class=\"elementor-widget-container\">\n\t\t\t\t\t\t\t\t\t<p><span style=\"font-weight: 400;\">Varvsomr\u00e5det \u00e4r inh\u00e4gnat och har l\u00e5st grind p\u00e5 infarten, samtliga b\u00e5t\u00e4gare skall se till att grinden g\u00e5r igen efter sig n\u00e4r man passerar genom grinden utanf\u00f6r ordinarie \u00f6ppettid. Kontakta kontoret f\u00f6r access.<\/span><\/p><p><span style=\"font-weight: 400;\">Omr\u00e5det \u00e4r \u00e4ven kamera\u00f6vervakat med koppling till Securitas. Detta \u00e4r dock ej en 100% garanti f\u00f6r att st\u00f6lder ej kan intr\u00e4ffa, vi r\u00e5der d\u00e4rf\u00f6r samtliga kunder att t\u00f6mma b\u00e5ten p\u00e5 st\u00f6ldbeg\u00e4rlig utrustning. \u00c4ven hj\u00e4lpa varandra och rapportera om ni ser n\u00e5got misst\u00e4nksamt.<\/span><\/p>\t\t\t\t\t\t\t\t<\/div>\n\t\t\t\t<\/div>\n\t\t\t\t<div class=\"elementor-element elementor-element-42df67f elementor-widget elementor-widget-heading\" data-id=\"42df67f\" data-element_type=\"widget\" data-e-type=\"widget\" data-widget_type=\"heading.default\">\n\t\t\t\t<div class=\"elementor-widget-container\">\n\t\t\t\t\t<h2 class=\"elementor-heading-title elementor-size-default\">Ordningsregler f\u00f6r avfallshantering\n<\/h2>\t\t\t\t<\/div>\n\t\t\t\t<\/div>\n\t\t\t\t<div class=\"elementor-element elementor-element-6a3ecd5 elementor-widget elementor-widget-text-editor\" data-id=\"6a3ecd5\" data-element_type=\"widget\" data-e-type=\"widget\" data-widget_type=\"text-editor.default\">\n\t\t\t\t<div class=\"elementor-widget-container\">\n\t\t\t\t\t\t\t\t\t<p><span style=\"font-weight: 400;\">Spillolja och f\u00f6rbrukade batterier skall l\u00e4mnas i varvets milj\u00f6station som \u00e4r placerad i anslutning till bryggorna.<\/span><\/p><p><span style=\"font-weight: 400;\">\u00d6vriga sopor tas med och l\u00e4mnas in p\u00e5 \u00e5tervinningsstation. Allts\u00e5 l\u00e4mna inget kvar p\u00e5 varvsomr\u00e5det<\/span><\/p>\t\t\t\t\t\t\t\t<\/div>\n\t\t\t\t<\/div>\n\t\t\t\t<div class=\"elementor-element elementor-element-920230e elementor-widget elementor-widget-heading\" data-id=\"920230e\" data-element_type=\"widget\" data-e-type=\"widget\" data-widget_type=\"heading.default\">\n\t\t\t\t<div class=\"elementor-widget-container\">\n\t\t\t\t\t<h2 class=\"elementor-heading-title elementor-size-default\">Regler f\u00f6r extern entrepren\u00f6r\n<\/h2>\t\t\t\t<\/div>\n\t\t\t\t<\/div>\n\t\t\t\t<div class=\"elementor-element elementor-element-1e67ff5 elementor-widget elementor-widget-text-editor\" data-id=\"1e67ff5\" data-element_type=\"widget\" data-e-type=\"widget\" data-widget_type=\"text-editor.default\">\n\t\t\t\t<div class=\"elementor-widget-container\">\n\t\t\t\t\t\t\t\t\t<p><span style=\"font-weight: 400;\">Externa entrepren\u00f6rer \u00e4r inte till\u00e5tna p\u00e5 varvets omr\u00e5de.<\/span><\/p><p><span style=\"font-weight: 400;\">Undantag kan ibland medges. Skriftligt tillst\u00e5nd skall d\u00e5 f\u00f6rst inh\u00e4mtas ifr\u00e5n varvschef.<\/span><\/p>\t\t\t\t\t\t\t\t<\/div>\n\t\t\t\t<\/div>\n\t\t\t\t<\/div>\n\t\t\t\t\t<\/div>\n\t\t\t\t<\/div>\n\t\t\t\t<\/div>","protected":false},"excerpt":{"rendered":"<p>Hem Instruktion f\u00f6r l\u00e4mning och h\u00e4mtning av b\u00e5t vid vinterf\u00f6rvaring H\u00e4mtning och l\u00e4mning bokas ett par veckor i f\u00f6rv\u00e4g, b\u00e5ten h\u00e4mtas samma vecka som sj\u00f6s\u00e4ttning \u00e4r bokad.\u00a0 Boka upptagning Boka sj\u00f6s\u00e4ttning Vid l\u00e4mning skall b\u00e5ten l\u00e4ggas p\u00e5 insidan av bryggorna. F\u00f6rt\u00f6jning p\u00e5 utsidan mot farleden \u00e4r f\u00f6rbjuden. \u00c4r tr\u00e5ngt i hamnen s\u00e5 f\u00f6rt\u00f6j mot annan [&hellip;]<\/p>\n","protected":false},"author":1,"featured_media":0,"parent":75,"menu_order":0,"comment_status":"closed","ping_status":"closed","template":"elementor_header_footer","meta":{"footnotes":""},"class_list":["post-105","page","type-page","status-publish","hentry"],"_links":{"self":[{"href":"https:\/\/wasayachts.com\/en\/wp-json\/wp\/v2\/pages\/105","targetHints":{"allow":["GET"]}}],"collection":[{"href":"https:\/\/wasayachts.com\/en\/wp-json\/wp\/v2\/pages"}],"about":[{"href":"https:\/\/wasayachts.com\/en\/wp-json\/wp\/v2\/types\/page"}],"author":[{"embeddable":true,"href":"https:\/\/wasayachts.com\/en\/wp-json\/wp\/v2\/users\/1"}],"replies":[{"embeddable":true,"href":"https:\/\/wasayachts.com\/en\/wp-json\/wp\/v2\/comments?post=105"}],"version-history":[{"count":34,"href":"https:\/\/wasayachts.com\/en\/wp-json\/wp\/v2\/pages\/105\/revisions"}],"predecessor-version":[{"id":24991,"href":"https:\/\/wasayachts.com\/en\/wp-json\/wp\/v2\/pages\/105\/revisions\/24991"}],"up":[{"embeddable":true,"href":"https:\/\/wasayachts.com\/en\/wp-json\/wp\/v2\/pages\/75"}],"wp:attachment":[{"href":"https:\/\/wasayachts.com\/en\/wp-json\/wp\/v2\/media?parent=105"}],"curies":[{"name":"wp","href":"https:\/\/api.w.org\/{rel}","templated":true}]}}